{"id":843,"date":"2025-01-31T15:20:17","date_gmt":"2025-01-31T14:20:17","guid":{"rendered":"https:\/\/paroisse-auray-pluneret.fr\/?page_id=843"},"modified":"2025-07-21T14:24:39","modified_gmt":"2025-07-21T12:24:39","slug":"sortir-le-mcr-vous-accompagne","status":"publish","type":"page","link":"https:\/\/paroisse-auray-pluneret.fr\/index.php\/sortir-le-mcr-vous-accompagne\/","title":{"rendered":"M.C.R. : des Retrait\u00e9s actifs de l&rsquo;Esp\u00e9rance"},"content":{"rendered":"\n<h3 class=\"wp-block-heading\">Qui sommes-nous ?<\/h3>\n\n\n\n<p><strong>Retrait\u00e9s, on nous appelle parfois\u00a0: Anciens, S\u00e9niors ou encore A\u00een\u00e9s\u00a0! Peu importe, une chose est certaine, nous avons quitt\u00e9 notre activit\u00e9 professionnelle et pour certains depuis longtemps d\u00e9j\u00e0\u00a0!<\/strong> <strong>Dans un monde qui change, qui se transforme et souvent tr\u00e8s vite, les retrait\u00e9s entendent vivre pleinement cette nouvelle \u00e9tape de leur existence. <\/strong><\/p>\n\n\n\n<p>La retraite est un temps privil\u00e9gi\u00e9 pour \u00e9changer avec les autres, pour les accompagner, les aider et souvent s\u2019engager. C\u2019est aussi un moment o\u00f9 le questionnement peut se faire plus pointu, plus pr\u00e9cis sur la soci\u00e9t\u00e9 et sur la  la religion.                                                                                                                          Un temps o\u00f9 nous avons envie de parfaire nos connaissances et de transmettre des valeurs \u00e0 nos petits-enfants et pourquoi pas \u00e0 nos voisins et amis\u00a0? Parfois envie de souffler mais toujours avec des projets plein la t\u00eate, vous \u00eates des femmes et des hommes libres de vos choix et vous aspirez \u00e0 g\u00e9rer votre temps et \u00e0 donner du sens \u00e0 vos actions.<\/p>\n\n\n\n<figure class=\"wp-block-image size-large\"><img loading=\"lazy\" decoding=\"async\" width=\"1024\" height=\"768\" src=\"https:\/\/paroisse-auray-pluneret.fr\/wp-content\/uploads\/2025\/01\/MCR-La-Chartreuse-1024x768.jpg\" alt=\"\" class=\"wp-image-845\" srcset=\"https:\/\/paroisse-auray-pluneret.fr\/wp-content\/uploads\/2025\/01\/MCR-La-Chartreuse-1024x768.jpg 1024w, https:\/\/paroisse-auray-pluneret.fr\/wp-content\/uploads\/2025\/01\/MCR-La-Chartreuse-300x225.jpg 300w, https:\/\/paroisse-auray-pluneret.fr\/wp-content\/uploads\/2025\/01\/MCR-La-Chartreuse-768x576.jpg 768w, https:\/\/paroisse-auray-pluneret.fr\/wp-content\/uploads\/2025\/01\/MCR-La-Chartreuse-1536x1152.jpg 1536w, https:\/\/paroisse-auray-pluneret.fr\/wp-content\/uploads\/2025\/01\/MCR-La-Chartreuse-1568x1176.jpg 1568w, https:\/\/paroisse-auray-pluneret.fr\/wp-content\/uploads\/2025\/01\/MCR-La-Chartreuse.jpg 1632w\" sizes=\"auto, (max-width: 1024px) 100vw, 1024px\" \/><\/figure>\n\n\n\n<ul class=\"wp-block-list\">\n<li><strong>Le M.C.R., Mouvement Chr\u00e9tien des Retrait\u00e9s, le sait et propose de vous accompagner dans cette d\u00e9marche.<\/strong> Il vous propose d\u2019inventer un savoir-vivre ensemble dans une soci\u00e9t\u00e9 o\u00f9 les retrait\u00e9s apportent leur exp\u00e9rience, leur savoir, leur disponibilit\u00e9 et leurs valeurs.  <\/li>\n\n\n\n<li>Au terme d\u2019un parcours de vie, nous avons:                                                                                             <strong>des atouts,<\/strong> que, comme chr\u00e9tiens, nous appelons\u00a0: les charismes de l\u2019\u00e2ge\u00a0!                                                         <strong>des\u00a0convictions\u00a0<\/strong>qui nous am\u00e8nent \u00e0 affirmer notre foi et \u00e0 prendre position ouvertement au nom de celle-ci, et                                                                                                                                                                                      <strong>une\u00a0sagesse issue de l\u2019exp\u00e9rience<\/strong>\u00a0qui nous permet d\u2019oser un regard distanci\u00e9 sur la vie,<\/li>\n<\/ul>\n\n\n\n<ul class=\"wp-block-list\">\n<li>Au&nbsp;<strong>MCR<\/strong>, nous voulons aller au c\u0153ur du monde et vivre des chemins de fraternit\u00e9, \u00eatre un lieu de d\u00e9couverte du Christ et nous accompagner mutuellement. En b\u00e2tissant des liens dans la soci\u00e9t\u00e9 civile et dans l\u2019Eglise nous tentons de r\u00e9pondre aux attentes et aux d\u00e9sarrois d\u2019aujourd\u2019hui.<\/li>\n\n\n\n<li>Disciples et ap\u00f4tres du Christ, nous aspirons \u00e0 \u00eatre des t\u00e9moins heureux. Lucides et d\u00e9lib\u00e9r\u00e9ment tourn\u00e9s vers les autres, en vivant l\u2019\u00e9vangile, c\u2019est-\u00e0-dire en aimant notre prochain, nous ambitionnons d\u2019\u00eatre des retrait\u00e9s actifs de l\u2019Esp\u00e9rance&nbsp;!<\/li>\n\n\n\n<li>Pour une soci\u00e9t\u00e9 plus humaine, pour valoriser les retrait\u00e9s et pour refuser une vision unique, le MCR vous propose de le rejoindre et vous aidera \u00e0 porter un regard d\u2019esp\u00e9rance sur notre soci\u00e9t\u00e9.<\/li>\n\n\n\n<li><strong>Sortir, rencontrer, dialoguer pour construire et t\u00e9moigner sont les verbes qui charpentent le rapport d&rsquo;orientation du mouvement!<\/strong><\/li>\n<\/ul>\n\n\n\n<h3 class=\"wp-block-heading\">COMMENT?<\/h3>\n\n\n\n<p>Pr\u00e9sent dans tous les dioc\u00e8ses de France, le MCR est constitu\u00e9 d&rsquo;\u00e9quipes dont les membres issus de tous les milieux sociaux-professionnels se r\u00e9unissent mensuellement pour \u00e9changer, dialoguer sur un th\u00e8me annuel qui est fourni par l&rsquo;\u00e9quipe nationale. (Le MCR national, association loi 1901, est une f\u00e9d\u00e9ration des diff\u00e9rents MCR dioc\u00e9sains). la campagne d&rsquo;ann\u00e9e 2025\/2026 intitul\u00e9e: \u00ab\u00a0Recevoir et Devenir\u00a0\u00bb  nous propose donc de r\u00e9fl\u00e9chir et d&rsquo;\u00e9changer sur ce que je suis, ce que nous sommes. Arriv\u00e9s au 4\u00e8me \u00e2ge, nous sommes encore invit\u00e9s \u00e0 devenir! Invit\u00e9s \u00e0 poursuivre son chemin, \u00e0 creuser un chemin vers les autres et \u00e0 approfondir notre chemin vers Dieu. Toujours en chemin, y compris celui de la saintet\u00e9.<\/p>\n\n\n\n<p><strong>Osez, Venez et Voyez!<\/strong><\/p>\n\n\n\n<p><strong>Contactez-nous<\/strong> Marie-Solange Plastrier: mie-sol.plastrier@orange.fr 0687735029 ou Henri Coudron henri.coudron56@laposte.net 0676964476<\/p>\n\n\n\n<figure class=\"wp-block-image size-full\"><img loading=\"lazy\" decoding=\"async\" width=\"480\" height=\"640\" src=\"http:\/\/paroisse-auray-pluneret.fr\/wp-content\/uploads\/2025\/01\/MCR-CA-21-22-rotated.jpg\" alt=\"\" class=\"wp-image-847\" srcset=\"https:\/\/paroisse-auray-pluneret.fr\/wp-content\/uploads\/2025\/01\/MCR-CA-21-22-rotated.jpg 480w, https:\/\/paroisse-auray-pluneret.fr\/wp-content\/uploads\/2025\/01\/MCR-CA-21-22-225x300.jpg 225w\" sizes=\"auto, (max-width: 480px) 100vw, 480px\" \/><\/figure>\n\n\n\n<p><\/p>\n","protected":false},"excerpt":{"rendered":"<p>Qui sommes-nous ? Retrait\u00e9s, on nous appelle parfois\u00a0: Anciens, S\u00e9niors ou encore A\u00een\u00e9s\u00a0! Peu importe, une chose est certaine, nous avons quitt\u00e9 notre activit\u00e9 professionnelle et pour certains depuis longtemps d\u00e9j\u00e0\u00a0! Dans un monde qui change, qui se transforme et souvent tr\u00e8s vite, les retrait\u00e9s entendent vivre pleinement cette nouvelle \u00e9tape de leur existence. La<a class=\"more-link\" href=\"https:\/\/paroisse-auray-pluneret.fr\/index.php\/sortir-le-mcr-vous-accompagne\/\">Lire la suite <span class=\"screen-reader-text\">\u00ab\u00a0M.C.R. : des Retrait\u00e9s actifs de l&rsquo;Esp\u00e9rance\u00a0\u00bb<\/span><\/a><\/p>\n","protected":false},"author":5,"featured_media":0,"parent":0,"menu_order":0,"comment_status":"closed","ping_status":"closed","template":"","meta":{"_eb_attr":"","iawp_total_views":59,"footnotes":""},"class_list":["post-843","page","type-page","status-publish","hentry","entry"],"_links":{"self":[{"href":"https:\/\/paroisse-auray-pluneret.fr\/index.php\/wp-json\/wp\/v2\/pages\/843","targetHints":{"allow":["GET"]}}],"collection":[{"href":"https:\/\/paroisse-auray-pluneret.fr\/index.php\/wp-json\/wp\/v2\/pages"}],"about":[{"href":"https:\/\/paroisse-auray-pluneret.fr\/index.php\/wp-json\/wp\/v2\/types\/page"}],"author":[{"embeddable":true,"href":"https:\/\/paroisse-auray-pluneret.fr\/index.php\/wp-json\/wp\/v2\/users\/5"}],"replies":[{"embeddable":true,"href":"https:\/\/paroisse-auray-pluneret.fr\/index.php\/wp-json\/wp\/v2\/comments?post=843"}],"version-history":[{"count":11,"href":"https:\/\/paroisse-auray-pluneret.fr\/index.php\/wp-json\/wp\/v2\/pages\/843\/revisions"}],"predecessor-version":[{"id":1426,"href":"https:\/\/paroisse-auray-pluneret.fr\/index.php\/wp-json\/wp\/v2\/pages\/843\/revisions\/1426"}],"wp:attachment":[{"href":"https:\/\/paroisse-auray-pluneret.fr\/index.php\/wp-json\/wp\/v2\/media?parent=843"}],"curies":[{"name":"wp","href":"https:\/\/api.w.org\/{rel}","templated":true}]}}