{"id":381,"date":"2025-01-13T16:05:53","date_gmt":"2025-01-13T15:05:53","guid":{"rendered":"https:\/\/paroisse-auray-pluneret.fr\/?page_id=381"},"modified":"2026-01-20T08:03:17","modified_gmt":"2026-01-20T07:03:17","slug":"eglise-st-pierre-st-paul","status":"publish","type":"page","link":"https:\/\/paroisse-auray-pluneret.fr\/index.php\/eglise-st-pierre-st-paul\/","title":{"rendered":"Eglise St Pierre &amp; St Paul de Pluneret"},"content":{"rendered":"\n<p class=\"has-text-align-right has-small-font-size\"><em>Par Paul-Marie Wallez, paroissien de Pluneret<\/em><\/p>\n\n\n\n<p class=\"has-text-align-center has-primary-background-color has-background\">L&rsquo;\u00e9glise est ouverte du jeudi au dimanche, de 9h \u00e0 17h<\/p>\n\n\n\n<p>Construite \u00e0 la fin du XIX<sup>e<\/sup> si\u00e8cle, elle remplace l\u2019ancienne \u00e9glise de style roman dat\u00e9e du X<sup>e<\/sup> qui avait connu maintes r\u00e9parations. Commenc\u00e9e en 1876 par le recteur Mr Robo, elle est b\u00e9nie le 1<sup>er<\/sup> juillet 1877, jour de la f\u00eate patronale.<\/p>\n\n\n\n<p>Plac\u00e9e elle aussi sous le vocable de S<sup>t<\/sup> Pierre et S<sup>t<\/sup> Paul, elle est construite au m\u00eame emplacement, le plus \u00e9lev\u00e9 de Pluneret :<\/p>\n\n\n<div class=\"wp-block-image\">\n<figure class=\"aligncenter size-full\"><img loading=\"lazy\" decoding=\"async\" width=\"660\" height=\"422\" src=\"https:\/\/paroisse-auray-pluneret.fr\/wp-content\/uploads\/2025\/02\/eglise_pluneret.jpg\" alt=\"\" class=\"wp-image-954\" srcset=\"https:\/\/paroisse-auray-pluneret.fr\/wp-content\/uploads\/2025\/02\/eglise_pluneret.jpg 660w, https:\/\/paroisse-auray-pluneret.fr\/wp-content\/uploads\/2025\/02\/eglise_pluneret-300x192.jpg 300w\" sizes=\"auto, (max-width: 660px) 100vw, 660px\" \/><\/figure>\n<\/div>\n\n\n<p>Si cette fin de si\u00e8cle s\u2019int\u00e9resse au patrimoine b\u00e2ti, l\u2019influence de Viollet le Duc oriente vers le style gothique. Style ogival en forme de croix latine<\/p>\n\n\n\n<p>La fl\u00e8che de la tour n\u2019a \u00e9t\u00e9 construite qu\u2019en 1885. En granit rose. \u00e9lanc\u00e9e, haute de 75 m\u00e8tres, elle est visible de toutes les routes de la r\u00e9gion alr\u00e9enne. Trois cloches de 1000 kg, 750 kg et 500 kg fondues \u00e0 Villedieu-les-Po\u00eales chez Paul Havard ont \u00e9t\u00e9 b\u00e9nites et baptis\u00e9es en octobre 1886 suivant le c\u00e9r\u00e9monial de l\u2019\u00e9poque.<\/p>\n\n\n\n<p>Enfin en 1909, installation de l&rsquo;horloge. Par la suite, quelques grosses r\u00e9parations se sont av\u00e9r\u00e9es n\u00e9cessaires&nbsp;: toiture, clocher, coq, paratonnerre, vitraux et vo\u00fbte. Et des travaux de modernisation : \u00e9lectrification puis automatisation de l&rsquo;horloge et des cloches, et installation du chauffage.<\/p>\n\n\n\n<h2 class=\"wp-block-heading\">Le choeur<\/h2>\n\n\n<div class=\"wp-block-image\">\n<figure class=\"aligncenter size-full\"><img loading=\"lazy\" decoding=\"async\" width=\"492\" height=\"227\" src=\"https:\/\/paroisse-auray-pluneret.fr\/wp-content\/uploads\/2025\/02\/image-3.png\" alt=\"\" class=\"wp-image-890\" srcset=\"https:\/\/paroisse-auray-pluneret.fr\/wp-content\/uploads\/2025\/02\/image-3.png 492w, https:\/\/paroisse-auray-pluneret.fr\/wp-content\/uploads\/2025\/02\/image-3-300x138.png 300w\" sizes=\"auto, (max-width: 492px) 100vw, 492px\" \/><\/figure>\n<\/div>\n\n\n<p>Il est domin\u00e9 par les statues des saints ap\u00f4tres Pierre et Paul, patrons de la paroisse.<br>Les trois vitraux du sanctuaire repr\u00e9sentent St Pierre et St Paul (\u00e0 gauche), la Ste Famille (au milieu) et Ste Anne et St Joachim (\u00e0 droite). Ils sont dus au vitrailliste Lobin de Tours.<br>Deux reliquaires au-dessus des portes d\u2019acc\u00e8s aux sacristies ; l&rsquo;une des reliques est un morceau de la Vraie Croix.<br>Stalles gothiques ex\u00e9cut\u00e9es par Lebrun de Lorient<br>Le maitre autel est en marbre blanc, orn\u00e9 de statues repr\u00e9sentant : Vierge \u00e0 l\u2019enfant couronn\u00e9e, St Joachim, St Jean, J\u00e9sus, et Ste Anne.<br>Et deux petits autels \u00e0 l\u2019entr\u00e9e du ch\u0153ur d\u00e9di\u00e9s \u00e0 l\u2019Immacul\u00e9e Conception et au Sacr\u00e9 C\u0153ur.<\/p>\n\n\n\n<h2 class=\"wp-block-heading\">Les transepts<\/h2>\n\n\n\n<p>Le transept droit est d\u00e9di\u00e9 \u00e0 la Vierge Marie.<\/p>\n\n\n<div class=\"wp-block-image\">\n<figure class=\"aligncenter size-full\"><img loading=\"lazy\" decoding=\"async\" width=\"118\" height=\"226\" src=\"https:\/\/paroisse-auray-pluneret.fr\/wp-content\/uploads\/2025\/02\/image-4.png\" alt=\"\" class=\"wp-image-892\"\/><\/figure>\n<\/div>\n\n\n<p>Le retable est constitu\u00e9 d\u2019une fresque sculpt\u00e9e qui repr\u00e9sente le couronnement de la Vierge. Elle est en pierre, est due au sculpteur breton Auguste Nayel, et dat\u00e9e de 1880.<br>Dans la fa\u00e7ade de l\u2019autel un bas-relief repr\u00e9sentant la visitation.<br>Une peinture repr\u00e9sentant la Vierge Marie confiant le rosaire \u00e0 St Dominique.<br>La verri\u00e8re de ce transept, haute de 10 m, repr\u00e9sente la Vierge Marie entour\u00e9e des 2 archanges Michel et Gabriel. St Michel terrassant le dragon &#8211; symbole du p\u00e9ch\u00e9 originel dont Marie a \u00e9t\u00e9 \u00e9pargn\u00e9e &#8211; et St Gabriel, le messager de l&rsquo;Annonciation.<\/p>\n\n\n<div class=\"wp-block-image\">\n<figure class=\"aligncenter size-full\"><img loading=\"lazy\" decoding=\"async\" width=\"234\" height=\"227\" src=\"https:\/\/paroisse-auray-pluneret.fr\/wp-content\/uploads\/2025\/02\/image-5.png\" alt=\"\" class=\"wp-image-894\"\/><\/figure>\n<\/div>\n\n\n<p>Le transept gauche est d\u00e9di\u00e9 \u00e0 St Joseph. Son retable en bois sculpt\u00e9 illustre la filiation de J\u00e9sus autour de St Joseph :<\/p>\n\n\n<div class=\"wp-block-image\">\n<figure class=\"aligncenter size-full\"><img loading=\"lazy\" decoding=\"async\" width=\"193\" height=\"226\" src=\"https:\/\/paroisse-auray-pluneret.fr\/wp-content\/uploads\/2025\/02\/image-6.png\" alt=\"\" class=\"wp-image-897\"\/><\/figure>\n<\/div>\n\n\n<p><br>La verri\u00e8re de ce transept repr\u00e9sente le Christ ressuscit\u00e9 entour\u00e9 de 2 anges qui portent les instruments de la crucifixion (la couronne d\u2019\u00e9pine, la lance et la croix) et qui proclament :<br>\u00ab <em>O crux ave, spes unica<\/em> \u00bb, i.e. \u00ab Salut, O croix, notre unique esp\u00e9rance \u00bb.<\/p>\n\n\n<div class=\"wp-block-image\">\n<figure class=\"aligncenter size-full\"><img loading=\"lazy\" decoding=\"async\" width=\"235\" height=\"227\" src=\"https:\/\/paroisse-auray-pluneret.fr\/wp-content\/uploads\/2025\/02\/image-8.png\" alt=\"\" class=\"wp-image-900\"\/><\/figure>\n<\/div>\n\n\n<p>Les vitraux des deux transepts viennent des ateliers Oudinot de Paris.<\/p>\n\n\n\n<h2 class=\"wp-block-heading\">La chaire<\/h2>\n\n\n\n<p>En ch\u00eane sculpt\u00e9. 8 sculptures autour de la <strong>cuve<\/strong> :<\/p>\n\n\n<div class=\"wp-block-image\">\n<figure class=\"aligncenter size-full is-resized\"><img loading=\"lazy\" decoding=\"async\" width=\"388\" height=\"200\" src=\"https:\/\/paroisse-auray-pluneret.fr\/wp-content\/uploads\/2025\/02\/image-9.png\" alt=\"\" class=\"wp-image-904\" style=\"width:390px;height:auto\" srcset=\"https:\/\/paroisse-auray-pluneret.fr\/wp-content\/uploads\/2025\/02\/image-9.png 388w, https:\/\/paroisse-auray-pluneret.fr\/wp-content\/uploads\/2025\/02\/image-9-300x155.png 300w\" sizes=\"auto, (max-width: 388px) 100vw, 388px\" \/><\/figure>\n<\/div>\n\n\n<p>les quatre \u00e9vang\u00e9listes, avec leurs attributs :<br>St Matthieu et l\u2019ange qui l\u2019inspire,<br>St Marc et le lion,<br>St Luc et le taureau,<br>et St Jean et l\u2019aigle.<\/p>\n\n\n<div class=\"wp-block-image\">\n<figure class=\"aligncenter size-full\"><img loading=\"lazy\" decoding=\"async\" width=\"231\" height=\"200\" src=\"https:\/\/paroisse-auray-pluneret.fr\/wp-content\/uploads\/2025\/02\/image-10.png\" alt=\"\" class=\"wp-image-905\"\/><\/figure>\n<\/div>\n\n\n<p>les trois vertus th\u00e9ologales, la Foi, l&rsquo;Esp\u00e9rance et la Charit\u00e9,<br>et une \u00ab\u00a0Ste Anne trinitaire\u00a0\u00bb :<\/p>\n\n\n<div class=\"wp-block-image\">\n<figure class=\"aligncenter size-full\"><img loading=\"lazy\" decoding=\"async\" width=\"75\" height=\"201\" src=\"https:\/\/paroisse-auray-pluneret.fr\/wp-content\/uploads\/2025\/02\/image-11.png\" alt=\"\" class=\"wp-image-907\"\/><\/figure>\n<\/div>\n\n\n<p>Le dais, qui s&rsquo;\u00e9l\u00e8ve jusqu&rsquo;\u00e0 la vo\u00fbte, \u00e9galement en ch\u00eane sculpt\u00e9 : six statues<br>dont les quatre vertus cardinales et, couronnant le tout, un ange portant cuirasse et \u00e9p\u00e9e :<\/p>\n\n\n<div class=\"wp-block-image\">\n<figure class=\"aligncenter size-full\"><img loading=\"lazy\" decoding=\"async\" width=\"152\" height=\"200\" src=\"https:\/\/paroisse-auray-pluneret.fr\/wp-content\/uploads\/2025\/02\/image-12.png\" alt=\"\" class=\"wp-image-908\"\/><\/figure>\n<\/div>\n\n\n<h2 class=\"wp-block-heading\">La nef<\/h2>\n\n\n\n<p>Les vitraux de la nef sont dus \u00e0 Mr Gesta de Toulouse; ils repr\u00e9sentent les saints que l\u2019on honore d\u2019un culte particulier dans le pays et qui forment ainsi une haie d&rsquo;honneur aux fid\u00e8les qui s&rsquo;avancent vers le ch\u0153ur.<br>Sur le c\u00f4t\u00e9 droit : <\/p>\n\n\n<div class=\"wp-block-image\">\n<figure class=\"aligncenter size-full\"><img loading=\"lazy\" decoding=\"async\" width=\"378\" height=\"201\" src=\"https:\/\/paroisse-auray-pluneret.fr\/wp-content\/uploads\/2025\/02\/image-13.png\" alt=\"\" class=\"wp-image-911\" srcset=\"https:\/\/paroisse-auray-pluneret.fr\/wp-content\/uploads\/2025\/02\/image-13.png 378w, https:\/\/paroisse-auray-pluneret.fr\/wp-content\/uploads\/2025\/02\/image-13-300x160.png 300w\" sizes=\"auto, (max-width: 378px) 100vw, 378px\" \/><\/figure>\n<\/div>\n\n\n<p>Yvon Nicolazic : Pluner\u00e9tain, le d\u00e9couvreur de Ste Anne (1591-1645)<br>Pierre Le Gouvello, seigneur de K\u00e9riolet, Alr\u00e9en, p\u00e9nitent breton (1602-1660)<br>St Isidore le laboureur (\u271d 1130) : Saint patron des agriculteurs<br>St Roch (\u271d1380) : Protecteur invoqu\u00e9 lors des \u00e9pid\u00e9mies de peste<br>Ste H\u00e9l\u00e8ne (\u271d329) : M\u00e8re de l&#8217;empereur Constantin<br>Ste Avoye (\u271d250) : Cousine et compagne de Ste Ursule, honor\u00e9e \u00e0 Pluneret.<\/p>\n\n\n\n<p>Sur le c\u00f4t\u00e9 gauche : <\/p>\n\n\n<div class=\"wp-block-image\">\n<figure class=\"aligncenter size-full\"><img loading=\"lazy\" decoding=\"async\" width=\"367\" height=\"203\" src=\"https:\/\/paroisse-auray-pluneret.fr\/wp-content\/uploads\/2025\/02\/image-14.png\" alt=\"\" class=\"wp-image-912\" srcset=\"https:\/\/paroisse-auray-pluneret.fr\/wp-content\/uploads\/2025\/02\/image-14.png 367w, https:\/\/paroisse-auray-pluneret.fr\/wp-content\/uploads\/2025\/02\/image-14-300x166.png 300w\" sizes=\"auto, (max-width: 367px) 100vw, 367px\" \/><\/figure>\n<\/div>\n\n\n<p>St Fran\u00e7ois d&rsquo;Assise (\u271d1226) : Fondateur de l&rsquo;Ordre franciscain<br>St Fran\u00e7ois de Sales (\u271d1622) : Saint patron des journalistes et des \u00e9crivains<br>St Corneille (\u271d253) : Pape et martyr. V\u00e9n\u00e9r\u00e9 en Bretagne sous le nom de Cornely. Protecteur du b\u00e9tail<br>St Georges (\u271d303) : Officier de l&rsquo;arm\u00e9e romaine, Il terrasse un dragon, victoire de la foi chr\u00e9tienne sur le d\u00e9mon<br>St Mathurin de Larchant (III\u00b0 s) : Invoqu\u00e9 pour la gu\u00e9rison des fous<br>St Etienne (\u271d35) : Diacre et premier martyr.<\/p>\n\n\n\n<hr class=\"wp-block-separator alignwide has-text-color has-secondary-color has-alpha-channel-opacity has-secondary-background-color has-background is-style-wide\"\/>\n\n\n\n<h3 class=\"wp-block-heading\">La paroisse de Pluneret<\/h3>\n\n\n\n<p>La paroisse est cr\u00e9\u00e9e officiellement le 6 mai 1259. Mais elle est certainement plus ancienne car l\u2019ancienne \u00e9glise \u00e9tait de style roman. Le patronage de St Pierre St Paul atteste lui aussi de l\u2019anciennet\u00e9 de la paroisse.<br>Elle \u00e9tait divis\u00e9e en 7 frairies, chacune autour du village le plus important ou le plus ancien, avec presque toujours sa chapelle. Il ne subsiste aujourd\u2019hui de chapelle qu\u2019\u00e0 Ste Avoye. L\u2019antique chapelle de Ste Anne, reconstruite au XVII\u00b0 sous l&rsquo;impulsion de Nicolazic, a laiss\u00e9 la place \u00e0 l\u2019actuelle basilique en 1872.<\/p>\n\n\n\n<h3 class=\"wp-block-heading\">Ont particip\u00e9 \u00e0 la r\u00e9alisation de l\u2019\u00e9glise :<\/h3>\n\n\n\n<p><strong>Fonderie Paul Havard<\/strong> : Fondeurs de cloches install\u00e9s \u00e0 Villedieu-les-Po\u00eales depuis la fin du Moyen \u00c2ge. En 2013, la fabrication et la pose des neuf nouvelles cloches de Notre-Dame de Paris sont venues couronner une expertise et un savoir-faire mondialement reconnus.<br><strong>Lucien-L\u00e9opold Lobin<\/strong> : Vitrailliste fran\u00e7ais \u00e9tabli \u00e0 Tours. Si son atelier \u00e9quipe en majorit\u00e9 des monuments religieux, il fournit \u00e9galement des vitraux pour des \u00e9difices civils, comme le phare de Cordouan.<br><strong>Eug\u00e8ne-Stanislas Oudinot<\/strong> : Peintre-verrier fran\u00e7ais. \u00c9l\u00e8ve de Georges Bontemps pour l\u2019art du vitrail, puis de Eug\u00e8ne Delacroix pour la peinture. Il re\u00e7oit de nombreuses commandes de restauration et de pose de nouveaux vitraux : cath\u00e9drales, abbatiales, ch\u00e2teaux.<br>Il a travaill\u00e9 avec de nombreuses personnalit\u00e9s du milieu artistique comme Viollet-le-Duc, des membres de l&rsquo;aristocratie fran\u00e7aise ou \u00e9trang\u00e8re, et avec des architectes am\u00e9ricains.<br>Il obtient une mention \u00e0 l&rsquo;Exposition universelle de 1855, puis \u00e0 l&rsquo;exposition de Londres en 1862.<br><strong>Louis-Victor Gesta<\/strong> : Peintre verrier fran\u00e7ais. De la seconde moiti\u00e9 du XIXe si\u00e8cle au d\u00e9but du XXe si\u00e8cle, la manufacture Gesta compte parmi les plus grandes productrices de vitraux de France : 8500 \u00e9glises.<br>Des centaines de vitraux Gesta sont aujourd&rsquo;hui inscrits \u00e0 l\u2019inventaire du patrimoine fran\u00e7ais<br><strong>Auguste Nayel<\/strong> : Sculpteur Lorientais de la fin du XIX\u00e8me si\u00e8cle. Apr\u00e8s la guerre de 1870, il se fixe \u00e0 Lorient et produit de nombreuses \u0153uvres. Il deviendra le premier conservateur du mus\u00e9e de Lorient. Co-fondateur de la Soci\u00e9t\u00e9 Lorientaises des Beaux-Arts. Beaucoup de ses \u0153uvres ont \u00e9t\u00e9 d\u00e9truites pendant la seconde guerre mondiale.<\/p>\n","protected":false},"excerpt":{"rendered":"<p>Par Paul-Marie Wallez, paroissien de Pluneret L&rsquo;\u00e9glise est ouverte du jeudi au dimanche, de 9h \u00e0 17h Construite \u00e0 la fin du XIXe si\u00e8cle, elle remplace l\u2019ancienne \u00e9glise de style roman dat\u00e9e du Xe qui avait connu maintes r\u00e9parations. Commenc\u00e9e en 1876 par le recteur Mr Robo, elle est b\u00e9nie le 1er juillet 1877, jour<a class=\"more-link\" href=\"https:\/\/paroisse-auray-pluneret.fr\/index.php\/eglise-st-pierre-st-paul\/\">Lire la suite <span class=\"screen-reader-text\">\u00ab\u00a0Eglise St Pierre &amp; St Paul de Pluneret\u00a0\u00bb<\/span><\/a><\/p>\n","protected":false},"author":2,"featured_media":0,"parent":0,"menu_order":0,"comment_status":"closed","ping_status":"closed","template":"","meta":{"_eb_attr":"","iawp_total_views":141,"footnotes":""},"class_list":["post-381","page","type-page","status-publish","hentry","entry"],"_links":{"self":[{"href":"https:\/\/paroisse-auray-pluneret.fr\/index.php\/wp-json\/wp\/v2\/pages\/381","targetHints":{"allow":["GET"]}}],"collection":[{"href":"https:\/\/paroisse-auray-pluneret.fr\/index.php\/wp-json\/wp\/v2\/pages"}],"about":[{"href":"https:\/\/paroisse-auray-pluneret.fr\/index.php\/wp-json\/wp\/v2\/types\/page"}],"author":[{"embeddable":true,"href":"https:\/\/paroisse-auray-pluneret.fr\/index.php\/wp-json\/wp\/v2\/users\/2"}],"replies":[{"embeddable":true,"href":"https:\/\/paroisse-auray-pluneret.fr\/index.php\/wp-json\/wp\/v2\/comments?post=381"}],"version-history":[{"count":22,"href":"https:\/\/paroisse-auray-pluneret.fr\/index.php\/wp-json\/wp\/v2\/pages\/381\/revisions"}],"predecessor-version":[{"id":1964,"href":"https:\/\/paroisse-auray-pluneret.fr\/index.php\/wp-json\/wp\/v2\/pages\/381\/revisions\/1964"}],"wp:attachment":[{"href":"https:\/\/paroisse-auray-pluneret.fr\/index.php\/wp-json\/wp\/v2\/media?parent=381"}],"curies":[{"name":"wp","href":"https:\/\/api.w.org\/{rel}","templated":true}]}}