{"id":379,"date":"2025-01-13T16:02:21","date_gmt":"2025-01-13T15:02:21","guid":{"rendered":"https:\/\/paroisse-auray-pluneret.fr\/?page_id=379"},"modified":"2026-01-20T08:06:46","modified_gmt":"2026-01-20T07:06:46","slug":"eglise-du-bx-charles-de-blois","status":"publish","type":"page","link":"https:\/\/paroisse-auray-pluneret.fr\/index.php\/eglise-du-bx-charles-de-blois\/","title":{"rendered":"Eglise du Bx Charles de Blois"},"content":{"rendered":"\n<p class=\"has-text-align-center has-primary-background-color has-background\">L&rsquo;\u00e9glise est ouverte de 9h \u00e0 17h tous les jours de juin \u00e0 septembre <br>et du vendredi au dimanche d&rsquo;octobre \u00e0 mai.<\/p>\n\n\n\n<p>Apr\u00e8s la fin de la guerre 14\/18, les chemins de fer \u00e9taient en pleine expansion et le quartier de la gare se d\u00e9veloppait rapidement. L&rsquo;Ev\u00eaque de Vannes d\u00e9cide la cr\u00e9ation d&rsquo;une nouvelle Paroisse qu\u2019il confie \u00e0 I&rsquo;Abb\u00e9 L\u00e9on Chevassu. Celui-ci, inspir\u00e9 par l&rsquo;histoire locale, propose de d\u00e9dier sa future \u00e9glise au Bienheureux Charles de Blois.<\/p>\n\n\n\n<p>Qui \u00e9tait ce Charles de Blois&nbsp;?<\/p>\n\n\n<div class=\"wp-block-image\">\n<figure class=\"aligncenter size-full\"><img loading=\"lazy\" decoding=\"async\" width=\"251\" height=\"295\" src=\"https:\/\/paroisse-auray-pluneret.fr\/wp-content\/uploads\/2025\/01\/image-1.png\" alt=\"\" class=\"wp-image-508\"\/><\/figure>\n<\/div>\n\n\n<p>Neveu du roi de France Philippe VI de Valois, il \u00e9pousa Jeanne de Penthi\u00e8vre. Celle-ci, apr\u00e8s le d\u00e9c\u00e8s en 1341 de son oncle Jean III, duc de Bretagne, voulut faire valoir son droit \u00e0 la succession au Duch\u00e9 de Bretagne.<\/p>\n\n\n\n<p>L&rsquo;autre pr\u00e9tendant \u00e9tait Jean, Comte de Montfort, demi-fr\u00e8re du d\u00e9funt duc Jean III. Cette rivalit\u00e9 engendra une guerre dite \u00ab&nbsp;de succession de Bretagne&nbsp;\u00bb qui dura 23 ans, de 1341 \u00e0 1364. Elle se termina le 29 septembre 1364, par la bataille d&rsquo;Auray, en un lieu situ\u00e9 un peu au nord-est de cette \u00e9glise&nbsp;: c\u2019est l\u00e0 que Charles de Blois fut tu\u00e9 et son rival proclam\u00e9 duc de Bretagne.<\/p>\n\n\n\n<p>Charles de Blois, reconnu pour sa grande pi\u00e9t\u00e9 et son amour pour les pauvres, servait lui-m\u00eame \u00e0 sa table les plus d\u00e9sh\u00e9rit\u00e9s. Sa r\u00e9putation se r\u00e9pandit dans le peuple, il fut b\u00e9atifi\u00e9 en 1376.<\/p>\n\n\n\n<p>En cette \u00e9glise commenc\u00e9e en 1927, on c\u00e9l\u00e9bra les offices d\u00e8s 1930, mais elle n&rsquo;\u00e9tait pas encore achev\u00e9e et ne le fut, vitraux compris, qu&rsquo;en 1958, deux ans apr\u00e8s le d\u00e9c\u00e8s du fondateur.<\/p>\n\n\n<div class=\"wp-block-image\">\n<figure class=\"aligncenter size-full\"><img loading=\"lazy\" decoding=\"async\" width=\"234\" height=\"346\" src=\"https:\/\/paroisse-auray-pluneret.fr\/wp-content\/uploads\/2025\/01\/image.png\" alt=\"\" class=\"wp-image-507\" srcset=\"https:\/\/paroisse-auray-pluneret.fr\/wp-content\/uploads\/2025\/01\/image.png 234w, https:\/\/paroisse-auray-pluneret.fr\/wp-content\/uploads\/2025\/01\/image-203x300.png 203w\" sizes=\"auto, (max-width: 234px) 100vw, 234px\" \/><\/figure>\n<\/div>\n\n\n<p>Il avait d\u00e9sir\u00e9 pour cette \u00e9glise un aspect ext\u00e9rieur m\u00e9di\u00e9val, en rapport avec l&rsquo;\u00e9poque du Saint Patron, et un int\u00e9rieur exempt de colonnes pour que, de tout endroit, on puisse voir le maitre autel et ainsi participer plus effectivement aux offices.<\/p>\n\n\n\n<p>L\u2019architecte \u00e9tait Guy Caubert de Cl\u00e9ry. (Voir pierre grav\u00e9e \u00e0 gauche du ch\u0153ur).<\/p>\n\n\n\n<p>De tr\u00e8s beaux vitraux la d\u00e9corent, comme cette nativit\u00e9 :<\/p>\n\n\n<div class=\"wp-block-image\">\n<figure class=\"aligncenter size-full\"><img loading=\"lazy\" decoding=\"async\" width=\"653\" height=\"644\" src=\"https:\/\/paroisse-auray-pluneret.fr\/wp-content\/uploads\/2025\/01\/image-3.png\" alt=\"\" class=\"wp-image-514\" srcset=\"https:\/\/paroisse-auray-pluneret.fr\/wp-content\/uploads\/2025\/01\/image-3.png 653w, https:\/\/paroisse-auray-pluneret.fr\/wp-content\/uploads\/2025\/01\/image-3-300x296.png 300w\" sizes=\"auto, (max-width: 653px) 100vw, 653px\" \/><\/figure>\n<\/div>\n\n\n<p>Un chemin de croix contemporain :<\/p>\n\n\n<div class=\"wp-block-image\">\n<figure class=\"aligncenter size-medium\"><img loading=\"lazy\" decoding=\"async\" width=\"280\" height=\"300\" src=\"https:\/\/paroisse-auray-pluneret.fr\/wp-content\/uploads\/2025\/01\/image-4-280x300.png\" alt=\"\" class=\"wp-image-516\" srcset=\"https:\/\/paroisse-auray-pluneret.fr\/wp-content\/uploads\/2025\/01\/image-4-280x300.png 280w, https:\/\/paroisse-auray-pluneret.fr\/wp-content\/uploads\/2025\/01\/image-4.png 583w\" sizes=\"auto, (max-width: 280px) 100vw, 280px\" \/><\/figure>\n<\/div>","protected":false},"excerpt":{"rendered":"<p>L&rsquo;\u00e9glise est ouverte de 9h \u00e0 17h tous les jours de juin \u00e0 septembre et du vendredi au dimanche d&rsquo;octobre \u00e0 mai. Apr\u00e8s la fin de la guerre 14\/18, les chemins de fer \u00e9taient en pleine expansion et le quartier de la gare se d\u00e9veloppait rapidement. L&rsquo;Ev\u00eaque de Vannes d\u00e9cide la cr\u00e9ation d&rsquo;une nouvelle Paroisse<a class=\"more-link\" href=\"https:\/\/paroisse-auray-pluneret.fr\/index.php\/eglise-du-bx-charles-de-blois\/\">Lire la suite <span class=\"screen-reader-text\">\u00ab\u00a0Eglise du Bx Charles de Blois\u00a0\u00bb<\/span><\/a><\/p>\n","protected":false},"author":2,"featured_media":0,"parent":0,"menu_order":0,"comment_status":"closed","ping_status":"closed","template":"","meta":{"_eb_attr":"","iawp_total_views":112,"footnotes":""},"class_list":["post-379","page","type-page","status-publish","hentry","entry"],"_links":{"self":[{"href":"https:\/\/paroisse-auray-pluneret.fr\/index.php\/wp-json\/wp\/v2\/pages\/379","targetHints":{"allow":["GET"]}}],"collection":[{"href":"https:\/\/paroisse-auray-pluneret.fr\/index.php\/wp-json\/wp\/v2\/pages"}],"about":[{"href":"https:\/\/paroisse-auray-pluneret.fr\/index.php\/wp-json\/wp\/v2\/types\/page"}],"author":[{"embeddable":true,"href":"https:\/\/paroisse-auray-pluneret.fr\/index.php\/wp-json\/wp\/v2\/users\/2"}],"replies":[{"embeddable":true,"href":"https:\/\/paroisse-auray-pluneret.fr\/index.php\/wp-json\/wp\/v2\/comments?post=379"}],"version-history":[{"count":10,"href":"https:\/\/paroisse-auray-pluneret.fr\/index.php\/wp-json\/wp\/v2\/pages\/379\/revisions"}],"predecessor-version":[{"id":1966,"href":"https:\/\/paroisse-auray-pluneret.fr\/index.php\/wp-json\/wp\/v2\/pages\/379\/revisions\/1966"}],"wp:attachment":[{"href":"https:\/\/paroisse-auray-pluneret.fr\/index.php\/wp-json\/wp\/v2\/media?parent=379"}],"curies":[{"name":"wp","href":"https:\/\/api.w.org\/{rel}","templated":true}]}}