{"id":275,"date":"2025-01-12T20:34:02","date_gmt":"2025-01-12T19:34:02","guid":{"rendered":"https:\/\/paroisse-auray-pluneret.fr\/?page_id=275"},"modified":"2025-09-23T21:14:52","modified_gmt":"2025-09-23T19:14:52","slug":"lequipe-information-et-communication","status":"publish","type":"page","link":"https:\/\/paroisse-auray-pluneret.fr\/index.php\/lequipe-information-et-communication\/","title":{"rendered":"l&rsquo;\u00c9quipe information et communication"},"content":{"rendered":"\n<p>Elle est charg\u00e9e des actions de communication interne et externe qui lui sont confi\u00e9es. <\/p>\n\n\n\n<p>Ceci comprend en particulier : <\/p>\n\n\n\n<ul class=\"wp-block-list\">\n<li class=\"has-small-font-size\">les relations r\u00e9guli\u00e8res avec les journaux locaux, le service de la communication du Dioc\u00e8se et RCF, les municipalit\u00e9s d\u2019Auray et de Pluneret,<\/li>\n\n\n\n<li class=\"has-small-font-size\">la gestion du site internet, <\/li>\n\n\n\n<li class=\"has-small-font-size\">la production de supports tels que : affiches, tracts, d\u00e9pliants, <\/li>\n\n\n\n<li class=\"has-small-font-size\">la supervision de l\u2019affichage dans les lieux de culte en lien avec les personnes qui en ont d\u00e9j\u00e0 la charge.<\/li>\n<\/ul>\n\n\n\n<figure class=\"wp-block-image size-full\"><img loading=\"lazy\" decoding=\"async\" width=\"751\" height=\"602\" src=\"http:\/\/paroisse-auray-pluneret.fr\/wp-content\/uploads\/2025\/09\/IMG-20250923-WA0000-1.jpg\" alt=\"\" class=\"wp-image-1595\" srcset=\"https:\/\/paroisse-auray-pluneret.fr\/wp-content\/uploads\/2025\/09\/IMG-20250923-WA0000-1.jpg 751w, https:\/\/paroisse-auray-pluneret.fr\/wp-content\/uploads\/2025\/09\/IMG-20250923-WA0000-1-300x240.jpg 300w\" sizes=\"auto, (max-width: 751px) 100vw, 751px\" \/><figcaption class=\"wp-element-caption\">\u00e9quipe info comm le 23 septembre 2025<\/figcaption><\/figure>\n\n\n\n<p>Cette \u00e9quipe est compos\u00e9e de : Marion Van Rhijn, Eric Jacob, Henri Coudron, Catherine Pic et Patrice Philippe.<\/p>\n","protected":false},"excerpt":{"rendered":"<p>Elle est charg\u00e9e des actions de communication interne et externe qui lui sont confi\u00e9es. Ceci comprend en particulier : Cette \u00e9quipe est compos\u00e9e de : Marion Van Rhijn, Eric Jacob, Henri Coudron, Catherine Pic et Patrice Philippe.<\/p>\n","protected":false},"author":2,"featured_media":0,"parent":0,"menu_order":0,"comment_status":"closed","ping_status":"closed","template":"","meta":{"_eb_attr":"","iawp_total_views":97,"footnotes":""},"class_list":["post-275","page","type-page","status-publish","hentry","entry"],"_links":{"self":[{"href":"https:\/\/paroisse-auray-pluneret.fr\/index.php\/wp-json\/wp\/v2\/pages\/275","targetHints":{"allow":["GET"]}}],"collection":[{"href":"https:\/\/paroisse-auray-pluneret.fr\/index.php\/wp-json\/wp\/v2\/pages"}],"about":[{"href":"https:\/\/paroisse-auray-pluneret.fr\/index.php\/wp-json\/wp\/v2\/types\/page"}],"author":[{"embeddable":true,"href":"https:\/\/paroisse-auray-pluneret.fr\/index.php\/wp-json\/wp\/v2\/users\/2"}],"replies":[{"embeddable":true,"href":"https:\/\/paroisse-auray-pluneret.fr\/index.php\/wp-json\/wp\/v2\/comments?post=275"}],"version-history":[{"count":11,"href":"https:\/\/paroisse-auray-pluneret.fr\/index.php\/wp-json\/wp\/v2\/pages\/275\/revisions"}],"predecessor-version":[{"id":1597,"href":"https:\/\/paroisse-auray-pluneret.fr\/index.php\/wp-json\/wp\/v2\/pages\/275\/revisions\/1597"}],"wp:attachment":[{"href":"https:\/\/paroisse-auray-pluneret.fr\/index.php\/wp-json\/wp\/v2\/media?parent=275"}],"curies":[{"name":"wp","href":"https:\/\/api.w.org\/{rel}","templated":true}]}}