{"id":100,"date":"2025-01-09T21:24:38","date_gmt":"2025-01-09T20:24:38","guid":{"rendered":"https:\/\/paroisse-auray-pluneret.fr\/?page_id=100"},"modified":"2025-01-23T07:53:58","modified_gmt":"2025-01-23T06:53:58","slug":"inscrire-mon-enfant-a-la-catechese","status":"publish","type":"page","link":"https:\/\/paroisse-auray-pluneret.fr\/index.php\/inscrire-mon-enfant-a-la-catechese\/","title":{"rendered":"Inscrire mon enfant \u00e0 la Cat\u00e9ch\u00e8se"},"content":{"rendered":"\n<p class=\"has-text-align-right\"><em><strong>\u00ab Pour que la g\u00e9n\u00e9ration \u00e0 venir Le connaisse&nbsp;\u00bb<\/strong><\/em><\/p>\n\n\n\n<p class=\"has-text-align-right\">Ps 77, 6<\/p>\n\n\n\n<p><em>Telle est la devise de notre \u00e9v\u00eaque, Monseigneur Raymond Cent\u00e8ne, c&rsquo;est aussi est l\u2019enjeu de l\u2019annonce de la foi chr\u00e9tienne \u00e0 nos jeunes\u00a0!<\/em><\/p>\n\n\n\n<p>Pour que le monde ne sombre pas dans le mat\u00e9rialisme et dans la d\u00e9sesp\u00e9rance, l\u2019annonce de la Bonne Nouvelle de J\u00e9sus Sauveur est essentielle. Dieu nous aime et, en J\u00e9sus, mort et ressuscit\u00e9, Il nous a sauv\u00e9s. Son Esprit nous le fait conna\u00eetre et allume dans nos c\u0153urs une flamme appel\u00e9e \u00e0 \u00eatre partag\u00e9e.<\/p>\n\n\n\n<p>Bienvenue \u00e0 vous parents qui accompagnez vos enfants dans leur croissance spirituelle&nbsp;! Votre r\u00f4le est irrempla\u00e7able. Vous \u00eates les premiers \u00e9ducateurs de la foi de vos enfants.<\/p>\n\n\n\n<p class=\"has-foreground-background-color has-background\"><em>\u00e0 compl\u00e9ter&#8230;<\/em><\/p>\n","protected":false},"excerpt":{"rendered":"<p>\u00ab Pour que la g\u00e9n\u00e9ration \u00e0 venir Le connaisse&nbsp;\u00bb Ps 77, 6 Telle est la devise de notre \u00e9v\u00eaque, Monseigneur Raymond Cent\u00e8ne, c&rsquo;est aussi est l\u2019enjeu de l\u2019annonce de la foi chr\u00e9tienne \u00e0 nos jeunes\u00a0! Pour que le monde ne sombre pas dans le mat\u00e9rialisme et dans la d\u00e9sesp\u00e9rance, l\u2019annonce de la Bonne Nouvelle de<a class=\"more-link\" href=\"https:\/\/paroisse-auray-pluneret.fr\/index.php\/inscrire-mon-enfant-a-la-catechese\/\">Lire la suite <span class=\"screen-reader-text\">\u00ab\u00a0Inscrire mon enfant \u00e0 la Cat\u00e9ch\u00e8se\u00a0\u00bb<\/span><\/a><\/p>\n","protected":false},"author":2,"featured_media":0,"parent":0,"menu_order":0,"comment_status":"closed","ping_status":"closed","template":"","meta":{"_eb_attr":"","iawp_total_views":52,"footnotes":""},"class_list":["post-100","page","type-page","status-publish","hentry","entry"],"_links":{"self":[{"href":"https:\/\/paroisse-auray-pluneret.fr\/index.php\/wp-json\/wp\/v2\/pages\/100","targetHints":{"allow":["GET"]}}],"collection":[{"href":"https:\/\/paroisse-auray-pluneret.fr\/index.php\/wp-json\/wp\/v2\/pages"}],"about":[{"href":"https:\/\/paroisse-auray-pluneret.fr\/index.php\/wp-json\/wp\/v2\/types\/page"}],"author":[{"embeddable":true,"href":"https:\/\/paroisse-auray-pluneret.fr\/index.php\/wp-json\/wp\/v2\/users\/2"}],"replies":[{"embeddable":true,"href":"https:\/\/paroisse-auray-pluneret.fr\/index.php\/wp-json\/wp\/v2\/comments?post=100"}],"version-history":[{"count":8,"href":"https:\/\/paroisse-auray-pluneret.fr\/index.php\/wp-json\/wp\/v2\/pages\/100\/revisions"}],"predecessor-version":[{"id":676,"href":"https:\/\/paroisse-auray-pluneret.fr\/index.php\/wp-json\/wp\/v2\/pages\/100\/revisions\/676"}],"wp:attachment":[{"href":"https:\/\/paroisse-auray-pluneret.fr\/index.php\/wp-json\/wp\/v2\/media?parent=100"}],"curies":[{"name":"wp","href":"https:\/\/api.w.org\/{rel}","templated":true}]}}